{"id":3983,"date":"2025-06-27T13:53:19","date_gmt":"2025-06-27T19:53:19","guid":{"rendered":"https:\/\/redmyeval.org.mx\/?page_id=3983"},"modified":"2026-02-12T23:04:09","modified_gmt":"2026-02-13T05:04:09","slug":"sesiones","status":"publish","type":"page","link":"https:\/\/redmyeval.org.mx\/index.php\/sesiones\/","title":{"rendered":"Sesiones"},"content":{"rendered":"\n<div class=\"wp-block-columns are-vertically-aligned-top is-layout-flex wp-container-core-columns-is-layout-2 wp-block-columns-is-layout-flex\">\n<div class=\"wp-block-column is-vertically-aligned-top is-layout-flow wp-block-column-is-layout-flow\" style=\"flex-basis:100%\">\n<div class=\"wp-block-group\"><div class=\"wp-block-group__inner-container is-layout-constrained wp-block-group-is-layout-constrained\">\n<div class=\"wp-block-columns is-layout-flex wp-container-core-columns-is-layout-1 wp-block-columns-is-layout-flex\">\n<div class=\"wp-block-column is-layout-flow wp-block-column-is-layout-flow\" style=\"flex-basis:33.33%\">\n<figure class=\"wp-block-image size-large\"><img loading=\"lazy\" decoding=\"async\" width=\"1024\" height=\"794\" src=\"http:\/\/redmyeval.org.mx\/wp-content\/uploads\/2022\/07\/Sesiones-1024x794.png\" alt=\"\" class=\"wp-image-3235\" srcset=\"https:\/\/redmyeval.org.mx\/wp-content\/uploads\/2022\/07\/Sesiones-1024x794.png 1024w, https:\/\/redmyeval.org.mx\/wp-content\/uploads\/2022\/07\/Sesiones-300x233.png 300w, https:\/\/redmyeval.org.mx\/wp-content\/uploads\/2022\/07\/Sesiones-768x595.png 768w, https:\/\/redmyeval.org.mx\/wp-content\/uploads\/2022\/07\/Sesiones-1536x1190.png 1536w, https:\/\/redmyeval.org.mx\/wp-content\/uploads\/2022\/07\/Sesiones-2048x1587.png 2048w, https:\/\/redmyeval.org.mx\/wp-content\/uploads\/2022\/07\/Sesiones-600x465.png 600w\" sizes=\"auto, (max-width: 1024px) 100vw, 1024px\" \/><\/figure>\n<\/div>\n\n\n\n<div class=\"wp-block-column is-layout-flow wp-block-column-is-layout-flow\" style=\"flex-basis:66.66%\">\n<p class=\"has-text-color has-link-color has-x-large-font-size wp-elements-442e02fdc7be106866d7b2662582d7fa\" style=\"color:#3a1564\">Sesiones Ordinarias y Extraordinarias<\/p>\n\n\n\n<p style=\"font-size:18px\">Las sesiones presenciales y virtuales generan un espacio de di\u00e1logo abierto, plural e incluyente donde las entidades federativas comparten sus experiencias y retos en la pr\u00e1ctica de monitoreo y evaluaci\u00f3n.<\/p>\n<\/div>\n<\/div>\n<\/div><\/div>\n<\/div>\n<\/div>\n\n\n\n<div class=\"wp-block-columns are-vertically-aligned-top is-layout-flex wp-container-core-columns-is-layout-3 wp-block-columns-is-layout-flex\">\n<div class=\"wp-block-column is-vertically-aligned-top is-layout-flow wp-block-column-is-layout-flow\" style=\"flex-basis:100%\">\n<div class=\"wp-block-cp-timeline-content-timeline Cool-Content-Timeline\"><div class=\"cool-timeline-block-c7db8a93-c483-4401-8002-310b10c703af\"><style>.cool-timeline-block-c7db8a93-c483-4401-8002-310b10c703af .cool-vertical-timeline-body{--ctlb-icon-color: #ac179b;--ctlb-line-color: #ac179b;--ctlb-icon-bg: #7f3483;--ctlb-story-border-color: #681161;}<\/style><div class=\"cool-vertical-timeline-body ctlb-wrapper both-sided left\"><div class=\"cool-timeline-block-list\">\n<div class=\"wp-block-cp-timeline-content-timeline-child swiper-slide\"><div class=\"timeline-content icon-false \"><div class=\"timeline-block-timeline ctl-row  position-right\"><div class=\"ctl-6 timeline-block-time\"><div class=\"story-time\"><p>2016<\/p><\/div><\/div><div class=\"timeline-block-icon\"><svg stroke=\"currentColor\" fill=\"currentColor\" stroke-width=\"0\" viewBox=\"0 0 512 512\" height=\"1em\" width=\"1em\" xmlns=\"http:\/\/www.w3.org\/2000\/svg\"><path d=\"M256 8C119 8 8 119 8 256s111 248 248 248 248-111 248-248S393 8 256 8z\"><\/path><\/svg><\/div><div class=\"ctl-6 timeline-block-detail\"><div class=\"story-details\"><div class=\"story-content\">\n<figure class=\"wp-block-image size-large ctlb-block-image\"><img loading=\"lazy\" decoding=\"async\" width=\"1024\" height=\"576\" src=\"http:\/\/redmyeval.org.mx\/wp-content\/uploads\/2020\/09\/mini_Pagina_16-1024x576.jpg\" alt=\"\" class=\"wp-image-888\" style=\"aspect-ratio:1.3333333333333333;object-fit:contain\" srcset=\"https:\/\/redmyeval.org.mx\/wp-content\/uploads\/2020\/09\/mini_Pagina_16-1024x576.jpg 1024w, https:\/\/redmyeval.org.mx\/wp-content\/uploads\/2020\/09\/mini_Pagina_16-300x169.jpg 300w, https:\/\/redmyeval.org.mx\/wp-content\/uploads\/2020\/09\/mini_Pagina_16-768x432.jpg 768w, https:\/\/redmyeval.org.mx\/wp-content\/uploads\/2020\/09\/mini_Pagina_16-600x338.jpg 600w, https:\/\/redmyeval.org.mx\/wp-content\/uploads\/2020\/09\/mini_Pagina_16.jpg 1365w\" sizes=\"auto, (max-width: 1024px) 100vw, 1024px\" \/><\/figure>\n\n\n\n<h3 class=\"wp-block-heading ctlb-block-title has-medium-font-size\" style=\"padding-top:0px;padding-right:0px;padding-bottom:0px;padding-left:0px;text-transform:uppercase\">se firm\u00f3 la \u201cDeclaratoria de Guadalajara\u201d<\/h3>\n\n\n\n<p class=\"ctlb-block-desc\" style=\"padding-top:0px;padding-right:0px;padding-bottom:0px;padding-left:0px\">Durante el 2016 se realiz\u00f3 en Mayo la Primera Sesi\u00f3n Ordinaria en la ciudad de Guadalajara, mientras que la Segunda Sesi\u00f3n en el Estado de M\u00e9xico se llev\u00f3 a cabo en el mes de Agosto. Adem\u00e1s, de una Tercera Sesi\u00f3n en el mes de Noviembre.<\/p>\n\n\n\n<div class=\"wp-block-buttons is-content-justification-right is-layout-flex wp-container-core-buttons-is-layout-1 wp-block-buttons-is-layout-flex\">\n<div class=\"wp-block-button is-style-fill\"><a class=\"wp-block-button__link wp-element-button\" href=\"https:\/\/redmyeval.org.mx\/index.php\/2016-2\/\" target=\"_blank\" rel=\"noreferrer noopener\">Ver m\u00e1s<\/a><\/div>\n<\/div>\n<\/div><\/div><\/div><\/div><\/div><\/div>\n\n\n\n<div class=\"wp-block-cp-timeline-content-timeline-child swiper-slide\"><div class=\"timeline-content icon-false \"><div class=\"timeline-block-timeline ctl-row  position-left\"><div class=\"ctl-6 timeline-block-time\"><div class=\"story-time\"><p>2017<\/p><\/div><\/div><div class=\"timeline-block-icon\"><svg stroke=\"currentColor\" fill=\"currentColor\" stroke-width=\"0\" viewBox=\"0 0 512 512\" height=\"1em\" width=\"1em\" xmlns=\"http:\/\/www.w3.org\/2000\/svg\"><path d=\"M256 8C119 8 8 119 8 256s111 248 248 248 248-111 248-248S393 8 256 8z\"><\/path><\/svg><\/div><div class=\"ctl-6 timeline-block-detail\"><div class=\"story-details\"><div class=\"story-content\">\n<figure class=\"wp-block-image size-full ctlb-block-image\"><img loading=\"lazy\" decoding=\"async\" width=\"1013\" height=\"570\" src=\"https:\/\/redmyeval.org.mx\/wp-content\/uploads\/2025\/06\/IMG-20170825-WA0011_Opt-edited.jpg\" alt=\"\" class=\"wp-image-3984\" style=\"aspect-ratio:4\/3;object-fit:contain\" srcset=\"https:\/\/redmyeval.org.mx\/wp-content\/uploads\/2025\/06\/IMG-20170825-WA0011_Opt-edited.jpg 1013w, https:\/\/redmyeval.org.mx\/wp-content\/uploads\/2025\/06\/IMG-20170825-WA0011_Opt-edited-300x169.jpg 300w, https:\/\/redmyeval.org.mx\/wp-content\/uploads\/2025\/06\/IMG-20170825-WA0011_Opt-edited-768x432.jpg 768w, https:\/\/redmyeval.org.mx\/wp-content\/uploads\/2025\/06\/IMG-20170825-WA0011_Opt-edited-600x338.jpg 600w\" sizes=\"auto, (max-width: 1013px) 100vw, 1013px\" \/><\/figure>\n\n\n\n<h3 class=\"wp-block-heading ctlb-block-title has-large-font-size\" style=\"padding-top:0px;padding-right:0px;padding-bottom:0px;padding-left:0px;text-transform:uppercase\">sesiones 2017<\/h3>\n\n\n\n<p class=\"ctlb-block-desc\" style=\"padding-top:0px;padding-right:0px;padding-bottom:0px;padding-left:0px\">Durante el 2017 se realizaron tres Sesiones en el a\u00f1o, la primera en la Ciudad de M\u00e9xico, la segunda en Morelos y la tercera en Guanajuato.<\/p>\n\n\n\n<div class=\"wp-block-buttons is-layout-flex wp-block-buttons-is-layout-flex\">\n<div class=\"wp-block-button\"><a class=\"wp-block-button__link wp-element-button\" href=\"https:\/\/redmyeval.org.mx\/index.php\/2017-2\/\">Ver m\u00e1s<\/a><\/div>\n<\/div>\n<\/div><\/div><\/div><\/div><\/div><\/div>\n\n\n\n<div class=\"wp-block-cp-timeline-content-timeline-child swiper-slide\"><div class=\"timeline-content icon-false \"><div class=\"timeline-block-timeline ctl-row  position-right\"><div class=\"ctl-6 timeline-block-time\"><div class=\"story-time\"><p>2018<\/p><\/div><\/div><div class=\"timeline-block-icon\"><svg stroke=\"currentColor\" fill=\"currentColor\" stroke-width=\"0\" viewBox=\"0 0 512 512\" height=\"1em\" width=\"1em\" xmlns=\"http:\/\/www.w3.org\/2000\/svg\"><path d=\"M256 8C119 8 8 119 8 256s111 248 248 248 248-111 248-248S393 8 256 8z\"><\/path><\/svg><\/div><div class=\"ctl-6 timeline-block-detail\"><div class=\"story-details\"><div class=\"story-content\">\n<figure class=\"wp-block-image size-large ctlb-block-image\"><img loading=\"lazy\" decoding=\"async\" width=\"1024\" height=\"576\" src=\"http:\/\/redmyeval.org.mx\/wp-content\/uploads\/2020\/09\/mini_Pagina_19-1024x576.jpg\" alt=\"\" class=\"wp-image-891\" style=\"aspect-ratio:4\/3;object-fit:contain\" srcset=\"https:\/\/redmyeval.org.mx\/wp-content\/uploads\/2020\/09\/mini_Pagina_19-1024x576.jpg 1024w, https:\/\/redmyeval.org.mx\/wp-content\/uploads\/2020\/09\/mini_Pagina_19-300x169.jpg 300w, https:\/\/redmyeval.org.mx\/wp-content\/uploads\/2020\/09\/mini_Pagina_19-768x432.jpg 768w, https:\/\/redmyeval.org.mx\/wp-content\/uploads\/2020\/09\/mini_Pagina_19-600x338.jpg 600w, https:\/\/redmyeval.org.mx\/wp-content\/uploads\/2020\/09\/mini_Pagina_19.jpg 1365w\" sizes=\"auto, (max-width: 1024px) 100vw, 1024px\" \/><\/figure>\n\n\n\n<h3 class=\"wp-block-heading ctlb-block-title has-large-font-size\" style=\"padding-top:0px;padding-right:0px;padding-bottom:0px;padding-left:0px;text-transform:uppercase\">sesiones 2018<\/h3>\n\n\n\n<p class=\"ctlb-block-desc\" style=\"padding-top:0px;padding-right:0px;padding-bottom:0px;padding-left:0px\">En este a\u00f1o se realiz\u00f3 la Primera Sesi\u00f3n en CONEVAL en la Ciudad de M\u00e9xico y la Segunda Sesi\u00f3n fue en la Ciudad de Puebla.<\/p>\n\n\n\n<p class=\"ctlb-block-desc\" style=\"padding-top:0px;padding-right:0px;padding-bottom:0px;padding-left:0px\">Adem\u00e1s, por primera vez el Grupo Coordinador se conform\u00f3 mediante votaci\u00f3n de las entidades presentes.<\/p>\n\n\n\n<p class=\"ctlb-block-desc\" style=\"padding-top:0px;padding-right:0px;padding-bottom:0px;padding-left:0px\">Grupo Coordinador: Durango, Morelos y Yucat\u00e1n.<\/p>\n\n\n\n<div class=\"wp-block-buttons is-content-justification-right is-layout-flex wp-container-core-buttons-is-layout-3 wp-block-buttons-is-layout-flex\">\n<div class=\"wp-block-button\"><a class=\"wp-block-button__link wp-element-button\" href=\"https:\/\/redmyeval.org.mx\/index.php\/2018-2\/\">Ver m\u00e1s<\/a><\/div>\n<\/div>\n<\/div><\/div><\/div><\/div><\/div><\/div>\n\n\n\n<div class=\"wp-block-cp-timeline-content-timeline-child swiper-slide\"><div class=\"timeline-content icon-false \"><div class=\"timeline-block-timeline ctl-row  position-left\"><div class=\"ctl-6 timeline-block-time\"><div class=\"story-time\"><p>2019<\/p><\/div><\/div><div class=\"timeline-block-icon\"><svg stroke=\"currentColor\" fill=\"currentColor\" stroke-width=\"0\" viewBox=\"0 0 512 512\" height=\"1em\" width=\"1em\" xmlns=\"http:\/\/www.w3.org\/2000\/svg\"><path d=\"M256 8C119 8 8 119 8 256s111 248 248 248 248-111 248-248S393 8 256 8z\"><\/path><\/svg><\/div><div class=\"ctl-6 timeline-block-detail\"><div class=\"story-details\"><div class=\"story-content\">\n<figure class=\"wp-block-image size-full\"><img loading=\"lazy\" decoding=\"async\" width=\"1024\" height=\"395\" src=\"http:\/\/redmyeval.org.mx\/wp-content\/uploads\/2020\/10\/1-51_Opt-min.jpg\" alt=\"\" class=\"wp-image-1006\" srcset=\"https:\/\/redmyeval.org.mx\/wp-content\/uploads\/2020\/10\/1-51_Opt-min.jpg 1024w, https:\/\/redmyeval.org.mx\/wp-content\/uploads\/2020\/10\/1-51_Opt-min-300x116.jpg 300w, https:\/\/redmyeval.org.mx\/wp-content\/uploads\/2020\/10\/1-51_Opt-min-768x296.jpg 768w, https:\/\/redmyeval.org.mx\/wp-content\/uploads\/2020\/10\/1-51_Opt-min-600x231.jpg 600w\" sizes=\"auto, (max-width: 1024px) 100vw, 1024px\" \/><\/figure>\n\n\n\n<h3 class=\"wp-block-heading ctlb-block-title has-large-font-size\" style=\"padding-top:0px;padding-right:0px;padding-bottom:0px;padding-left:0px\">SESIONES 2019<\/h3>\n\n\n\n<p class=\"ctlb-block-desc\" style=\"padding-top:0px;padding-right:0px;padding-bottom:0px;padding-left:0px\">En el 2019 las Sesiones se llevaron a cabo en las ciudades de Durango y Oaxaca, respectivamente.<\/p>\n\n\n\n<p class=\"ctlb-block-desc\" style=\"padding-top:0px;padding-right:0px;padding-bottom:0px;padding-left:0px\">Asimismo, este a\u00f1o se destac\u00f3 por cambios significativos en la operaci\u00f3n de la RedMyE, al establecer lineamientos, videoconferencias mensuales y posicionamiento en redes sociales.<\/p>\n\n\n\n<p class=\"ctlb-block-desc\" style=\"padding-top:0px;padding-right:0px;padding-bottom:0px;padding-left:0px\">Grupo Coordinador: Durango, Morelos y Yucat\u00e1n.<\/p>\n\n\n\n<div class=\"wp-block-buttons is-layout-flex wp-block-buttons-is-layout-flex\">\n<div class=\"wp-block-button\"><a class=\"wp-block-button__link wp-element-button\" href=\"https:\/\/redmyeval.org.mx\/index.php\/2019-2\/\">Ver m\u00e1s<\/a><\/div>\n<\/div>\n<\/div><\/div><\/div><\/div><\/div><\/div>\n\n\n\n<div class=\"wp-block-cp-timeline-content-timeline-child swiper-slide\"><div class=\"timeline-content icon-false \"><div class=\"timeline-block-timeline ctl-row  position-right\"><div class=\"ctl-6 timeline-block-time\"><div class=\"story-time\"><p>2020<\/p><\/div><\/div><div class=\"timeline-block-icon\"><svg stroke=\"currentColor\" fill=\"currentColor\" stroke-width=\"0\" viewBox=\"0 0 512 512\" height=\"1em\" width=\"1em\" xmlns=\"http:\/\/www.w3.org\/2000\/svg\"><path d=\"M256 8C119 8 8 119 8 256s111 248 248 248 248-111 248-248S393 8 256 8z\"><\/path><\/svg><\/div><div class=\"ctl-6 timeline-block-detail\"><div class=\"story-details\"><div class=\"story-content\">\n<figure class=\"wp-block-image size-full\"><img loading=\"lazy\" decoding=\"async\" width=\"960\" height=\"473\" src=\"http:\/\/redmyeval.org.mx\/wp-content\/uploads\/2020\/09\/2020_1_1.jpg\" alt=\"\" class=\"wp-image-913\" srcset=\"https:\/\/redmyeval.org.mx\/wp-content\/uploads\/2020\/09\/2020_1_1.jpg 960w, https:\/\/redmyeval.org.mx\/wp-content\/uploads\/2020\/09\/2020_1_1-300x148.jpg 300w, https:\/\/redmyeval.org.mx\/wp-content\/uploads\/2020\/09\/2020_1_1-768x378.jpg 768w, https:\/\/redmyeval.org.mx\/wp-content\/uploads\/2020\/09\/2020_1_1-600x296.jpg 600w\" sizes=\"auto, (max-width: 960px) 100vw, 960px\" \/><\/figure>\n\n\n\n<h3 class=\"wp-block-heading ctlb-block-title has-large-font-size\" style=\"padding-top:0px;padding-right:0px;padding-bottom:0px;padding-left:0px\">SESIONES 2020<\/h3>\n\n\n\n<p class=\"ctlb-block-desc\" style=\"padding-top:0px;padding-right:0px;padding-bottom:0px;padding-left:0px\">Atendiendo las medidas sanitarias derivadas por la pandemia ocasionada por el virus SARS-COV-2 que causa la enfermedad COVID-19, el Grupo Coordinador liderea la Primera Sesi\u00f3n Ordinaria Virtual 2020.<\/p>\n\n\n\n<p class=\"ctlb-block-desc\" style=\"padding-top:0px;padding-right:0px;padding-bottom:0px;padding-left:0px\">Grupo Coordinador: Durango, Morelos y Yucat\u00e1n.<\/p>\n\n\n\n<div class=\"wp-block-buttons is-content-justification-right is-layout-flex wp-container-core-buttons-is-layout-5 wp-block-buttons-is-layout-flex\">\n<div class=\"wp-block-button\"><a class=\"wp-block-button__link wp-element-button\" href=\"https:\/\/redmyeval.org.mx\/index.php\/2020-1\/\">Ver m\u00e1s<\/a><\/div>\n<\/div>\n<\/div><\/div><\/div><\/div><\/div><\/div>\n\n\n\n<div class=\"wp-block-cp-timeline-content-timeline-child swiper-slide\"><div class=\"timeline-content icon-false \"><div class=\"timeline-block-timeline ctl-row  position-left\"><div class=\"ctl-6 timeline-block-time\"><div class=\"story-time\"><p>2021<\/p><\/div><\/div><div class=\"timeline-block-icon\"><svg stroke=\"currentColor\" fill=\"currentColor\" stroke-width=\"0\" viewBox=\"0 0 512 512\" height=\"1em\" width=\"1em\" xmlns=\"http:\/\/www.w3.org\/2000\/svg\"><path d=\"M256 8C119 8 8 119 8 256s111 248 248 248 248-111 248-248S393 8 256 8z\"><\/path><\/svg><\/div><div class=\"ctl-6 timeline-block-detail\"><div class=\"story-details\"><div class=\"story-content\">\n<figure class=\"wp-block-image size-large\"><img loading=\"lazy\" decoding=\"async\" width=\"1024\" height=\"581\" src=\"http:\/\/redmyeval.org.mx\/wp-content\/uploads\/2022\/06\/Primer-Sesion-2021-1024x581.png\" alt=\"\" class=\"wp-image-3157\" srcset=\"https:\/\/redmyeval.org.mx\/wp-content\/uploads\/2022\/06\/Primer-Sesion-2021-1024x581.png 1024w, https:\/\/redmyeval.org.mx\/wp-content\/uploads\/2022\/06\/Primer-Sesion-2021-300x170.png 300w, https:\/\/redmyeval.org.mx\/wp-content\/uploads\/2022\/06\/Primer-Sesion-2021-768x436.png 768w, https:\/\/redmyeval.org.mx\/wp-content\/uploads\/2022\/06\/Primer-Sesion-2021-1536x872.png 1536w, https:\/\/redmyeval.org.mx\/wp-content\/uploads\/2022\/06\/Primer-Sesion-2021-600x341.png 600w, https:\/\/redmyeval.org.mx\/wp-content\/uploads\/2022\/06\/Primer-Sesion-2021.png 1578w\" sizes=\"auto, (max-width: 1024px) 100vw, 1024px\" \/><\/figure>\n\n\n\n<h3 class=\"wp-block-heading ctlb-block-title has-large-font-size\" style=\"padding-top:0px;padding-right:0px;padding-bottom:0px;padding-left:0px\">SESIONES 2021<\/h3>\n\n\n\n<p class=\"ctlb-block-desc\" style=\"padding-top:0px;padding-right:0px;padding-bottom:0px;padding-left:0px\">Derivado de la pandemia ocasionada por el virus SARS-COV-2, las sesiones se realizaron de manera virtual teniendo como estados anfitriones a Hidalgo y Baja California.<\/p>\n\n\n\n<p class=\"ctlb-block-desc\" style=\"padding-top:0px;padding-right:0px;padding-bottom:0px;padding-left:0px\">Grupo Coordinador: Ciudad de M\u00e9xico, Jalisco y Oaxaca.<\/p>\n\n\n\n<div class=\"wp-block-buttons is-layout-flex wp-block-buttons-is-layout-flex\">\n<div class=\"wp-block-button\"><a class=\"wp-block-button__link wp-element-button\" href=\"https:\/\/redmyeval.org.mx\/index.php\/2021-2\/\">Ver m\u00e1s<\/a><\/div>\n<\/div>\n<\/div><\/div><\/div><\/div><\/div><\/div>\n\n\n\n<div class=\"wp-block-cp-timeline-content-timeline-child swiper-slide\"><div class=\"timeline-content icon-false \"><div class=\"timeline-block-timeline ctl-row  position-right\"><div class=\"ctl-6 timeline-block-time\"><div class=\"story-time\"><p>2022<\/p><\/div><\/div><div class=\"timeline-block-icon\"><svg stroke=\"currentColor\" fill=\"currentColor\" stroke-width=\"0\" viewBox=\"0 0 512 512\" height=\"1em\" width=\"1em\" xmlns=\"http:\/\/www.w3.org\/2000\/svg\"><path d=\"M256 8C119 8 8 119 8 256s111 248 248 248 248-111 248-248S393 8 256 8z\"><\/path><\/svg><\/div><div class=\"ctl-6 timeline-block-detail\"><div class=\"story-details\"><div class=\"story-content\">\n<figure class=\"wp-block-image size-large\"><img loading=\"lazy\" decoding=\"async\" width=\"1024\" height=\"768\" src=\"http:\/\/redmyeval.org.mx\/wp-content\/uploads\/2022\/06\/Museo-Mejor-1024x768.jpeg\" alt=\"\" class=\"wp-image-3106\" srcset=\"https:\/\/redmyeval.org.mx\/wp-content\/uploads\/2022\/06\/Museo-Mejor-1024x768.jpeg 1024w, https:\/\/redmyeval.org.mx\/wp-content\/uploads\/2022\/06\/Museo-Mejor-300x225.jpeg 300w, https:\/\/redmyeval.org.mx\/wp-content\/uploads\/2022\/06\/Museo-Mejor-768x576.jpeg 768w, https:\/\/redmyeval.org.mx\/wp-content\/uploads\/2022\/06\/Museo-Mejor-1536x1152.jpeg 1536w, https:\/\/redmyeval.org.mx\/wp-content\/uploads\/2022\/06\/Museo-Mejor-600x450.jpeg 600w, https:\/\/redmyeval.org.mx\/wp-content\/uploads\/2022\/06\/Museo-Mejor.jpeg 1600w\" sizes=\"auto, (max-width: 1024px) 100vw, 1024px\" \/><\/figure>\n\n\n\n<h3 class=\"wp-block-heading ctlb-block-title has-large-font-size\" style=\"padding-top:0px;padding-right:0px;padding-bottom:0px;padding-left:0px\">SESIONES 2022<\/h3>\n\n\n\n<p class=\"ctlb-block-desc\" style=\"padding-top:0px;padding-right:0px;padding-bottom:0px;padding-left:0px\">Durante el 2022 se realiz\u00f3 la Primera Sesi\u00f3n h\u00edbrida, mientras que la Segunda Sesi\u00f3n se realiz\u00f3 de manera virtual siendo anfitri\u00f3n el estado de Tabasco. <\/p>\n\n\n\n<p class=\"ctlb-block-desc\" style=\"padding-top:0px;padding-right:0px;padding-bottom:0px;padding-left:0px\">Grupo Coordinador: Chihuahua, Jalisco y Oaxaca.<\/p>\n\n\n\n<div class=\"wp-block-buttons is-content-justification-right is-layout-flex wp-container-core-buttons-is-layout-7 wp-block-buttons-is-layout-flex\">\n<div class=\"wp-block-button\"><a class=\"wp-block-button__link wp-element-button\" href=\"https:\/\/redmyeval.org.mx\/index.php\/2022-2\/\">Ver m\u00e1s<\/a><\/div>\n<\/div>\n<\/div><\/div><\/div><\/div><\/div><\/div>\n\n\n\n<div class=\"wp-block-cp-timeline-content-timeline-child swiper-slide\"><div class=\"timeline-content icon-false \"><div class=\"timeline-block-timeline ctl-row  position-left\"><div class=\"ctl-6 timeline-block-time\"><div class=\"story-time\"><p>2023<\/p><\/div><\/div><div class=\"timeline-block-icon\"><svg stroke=\"currentColor\" fill=\"currentColor\" stroke-width=\"0\" viewBox=\"0 0 512 512\" height=\"1em\" width=\"1em\" xmlns=\"http:\/\/www.w3.org\/2000\/svg\"><path d=\"M256 8C119 8 8 119 8 256s111 248 248 248 248-111 248-248S393 8 256 8z\"><\/path><\/svg><\/div><div class=\"ctl-6 timeline-block-detail\"><div class=\"story-details\"><div class=\"story-content\">\n<figure class=\"wp-block-image size-large\"><img loading=\"lazy\" decoding=\"async\" width=\"1024\" height=\"683\" src=\"http:\/\/redmyeval.org.mx\/wp-content\/uploads\/2023\/06\/354074082_658669466300082_6510495572842756069_n-1024x683.jpg\" alt=\"\" class=\"wp-image-3681\" srcset=\"https:\/\/redmyeval.org.mx\/wp-content\/uploads\/2023\/06\/354074082_658669466300082_6510495572842756069_n-1024x683.jpg 1024w, https:\/\/redmyeval.org.mx\/wp-content\/uploads\/2023\/06\/354074082_658669466300082_6510495572842756069_n-300x200.jpg 300w, https:\/\/redmyeval.org.mx\/wp-content\/uploads\/2023\/06\/354074082_658669466300082_6510495572842756069_n-768x512.jpg 768w, https:\/\/redmyeval.org.mx\/wp-content\/uploads\/2023\/06\/354074082_658669466300082_6510495572842756069_n-1536x1024.jpg 1536w, https:\/\/redmyeval.org.mx\/wp-content\/uploads\/2023\/06\/354074082_658669466300082_6510495572842756069_n-600x400.jpg 600w, https:\/\/redmyeval.org.mx\/wp-content\/uploads\/2023\/06\/354074082_658669466300082_6510495572842756069_n.jpg 2048w\" sizes=\"auto, (max-width: 1024px) 100vw, 1024px\" \/><\/figure>\n\n\n\n<h3 class=\"wp-block-heading ctlb-block-title has-large-font-size\" style=\"padding-top:0px;padding-right:0px;padding-bottom:0px;padding-left:0px\">SESIONES 2023<\/h3>\n\n\n\n<p class=\"ctlb-block-desc\" style=\"padding-top:0px;padding-right:0px;padding-bottom:0px;padding-left:0px\">En este a\u00f1o se retomaron las sesiones presenciales, siendola Primera Sesi\u00f3n en la ciudad de Chihuahua y la Segunda en la ciudad de San Francisco Campeche.<\/p>\n\n\n\n<p class=\"ctlb-block-desc\" style=\"padding-top:0px;padding-right:0px;padding-bottom:0px;padding-left:0px\">Grupo Coordinador: Chihuahua, Durango y Puebla.<\/p>\n\n\n\n<div class=\"wp-block-buttons is-layout-flex wp-block-buttons-is-layout-flex\">\n<div class=\"wp-block-button\"><a class=\"wp-block-button__link wp-element-button\" href=\"https:\/\/redmyeval.org.mx\/index.php\/2023-1\/\">Ver m\u00e1s<\/a><\/div>\n<\/div>\n<\/div><\/div><\/div><\/div><\/div><\/div>\n\n\n\n<div class=\"wp-block-cp-timeline-content-timeline-child swiper-slide\"><div class=\"timeline-content icon-false \"><div class=\"timeline-block-timeline ctl-row  position-right\"><div class=\"ctl-6 timeline-block-time\"><div class=\"story-time\"><p>2024<\/p><\/div><\/div><div class=\"timeline-block-icon\"><svg stroke=\"currentColor\" fill=\"currentColor\" stroke-width=\"0\" viewBox=\"0 0 512 512\" height=\"1em\" width=\"1em\" xmlns=\"http:\/\/www.w3.org\/2000\/svg\"><path d=\"M256 8C119 8 8 119 8 256s111 248 248 248 248-111 248-248S393 8 256 8z\"><\/path><\/svg><\/div><div class=\"ctl-6 timeline-block-detail\"><div class=\"story-details\"><div class=\"story-content\">\n<figure class=\"wp-block-image size-large\"><img loading=\"lazy\" decoding=\"async\" width=\"1024\" height=\"576\" src=\"http:\/\/redmyeval.org.mx\/wp-content\/uploads\/2024\/05\/red1-1024x576.jpeg\" alt=\"\" class=\"wp-image-3790\" srcset=\"https:\/\/redmyeval.org.mx\/wp-content\/uploads\/2024\/05\/red1-1024x576.jpeg 1024w, https:\/\/redmyeval.org.mx\/wp-content\/uploads\/2024\/05\/red1-300x169.jpeg 300w, https:\/\/redmyeval.org.mx\/wp-content\/uploads\/2024\/05\/red1-768x432.jpeg 768w, https:\/\/redmyeval.org.mx\/wp-content\/uploads\/2024\/05\/red1-1536x864.jpeg 1536w, https:\/\/redmyeval.org.mx\/wp-content\/uploads\/2024\/05\/red1-600x338.jpeg 600w, https:\/\/redmyeval.org.mx\/wp-content\/uploads\/2024\/05\/red1.jpeg 1600w\" sizes=\"auto, (max-width: 1024px) 100vw, 1024px\" \/><\/figure>\n\n\n\n<h3 class=\"wp-block-heading ctlb-block-title has-large-font-size\" style=\"padding-top:0px;padding-right:0px;padding-bottom:0px;padding-left:0px\">SESIONES 2024<\/h3>\n\n\n\n<p class=\"ctlb-block-desc\" style=\"padding-top:0px;padding-right:0px;padding-bottom:0px;padding-left:0px\">Durante el 2024 se realizaron las sesiones de manera presencial, la Primera en la ciudad de M\u00e9rida y la Segunda en Baja California Sur.<\/p>\n\n\n\n<p class=\"ctlb-block-desc\" style=\"padding-top:0px;padding-right:0px;padding-bottom:0px;padding-left:0px\">Grupo Coordinador: Durango, Puebla y Quer\u00e9taro.<\/p>\n\n\n\n<div class=\"wp-block-buttons is-content-justification-right is-layout-flex wp-container-core-buttons-is-layout-9 wp-block-buttons-is-layout-flex\">\n<div class=\"wp-block-button\"><a class=\"wp-block-button__link wp-element-button\" href=\"https:\/\/redmyeval.org.mx\/index.php\/2024-1\/\">Ver m\u00e1s<\/a><\/div>\n<\/div>\n<\/div><\/div><\/div><\/div><\/div><\/div>\n\n\n\n<div class=\"wp-block-cp-timeline-content-timeline-child swiper-slide\"><div class=\"timeline-content icon-false \"><div class=\"timeline-block-timeline ctl-row  position-left\"><div class=\"ctl-6 timeline-block-time\"><div class=\"story-time\"><p>2025<\/p><\/div><\/div><div class=\"timeline-block-icon\"><svg stroke=\"currentColor\" fill=\"currentColor\" stroke-width=\"0\" viewBox=\"0 0 512 512\" height=\"1em\" width=\"1em\" xmlns=\"http:\/\/www.w3.org\/2000\/svg\"><path d=\"M256 8C119 8 8 119 8 256s111 248 248 248 248-111 248-248S393 8 256 8z\"><\/path><\/svg><\/div><div class=\"ctl-6 timeline-block-detail\"><div class=\"story-details\"><div class=\"story-content\">\n<figure class=\"wp-block-image size-large\"><img loading=\"lazy\" decoding=\"async\" width=\"1024\" height=\"682\" src=\"http:\/\/redmyeval.org.mx\/wp-content\/uploads\/2025\/06\/raSesion1-1024x682.jpeg\" alt=\"\" class=\"wp-image-3905\" srcset=\"https:\/\/redmyeval.org.mx\/wp-content\/uploads\/2025\/06\/raSesion1-1024x682.jpeg 1024w, https:\/\/redmyeval.org.mx\/wp-content\/uploads\/2025\/06\/raSesion1-300x200.jpeg 300w, https:\/\/redmyeval.org.mx\/wp-content\/uploads\/2025\/06\/raSesion1-768x512.jpeg 768w, https:\/\/redmyeval.org.mx\/wp-content\/uploads\/2025\/06\/raSesion1-1536x1023.jpeg 1536w, https:\/\/redmyeval.org.mx\/wp-content\/uploads\/2025\/06\/raSesion1-600x400.jpeg 600w, https:\/\/redmyeval.org.mx\/wp-content\/uploads\/2025\/06\/raSesion1.jpeg 1600w\" sizes=\"auto, (max-width: 1024px) 100vw, 1024px\" \/><\/figure>\n\n\n\n<h3 class=\"wp-block-heading ctlb-block-title has-large-font-size\" style=\"padding-top:0px;padding-right:0px;padding-bottom:0px;padding-left:0px\">SESIONES 2025<\/h3>\n\n\n\n<p class=\"ctlb-block-desc\" style=\"padding-top:0px;padding-right:0px;padding-bottom:0px;padding-left:0px\">Se realiz\u00f3 virtualmente la Primera Sesi\u00f3n Extraordinaria, en donde se eligi\u00f3 a Coahuila como nueva entidad federativa integrante del Grupo Coordinador.<\/p>\n\n\n\n<p class=\"ctlb-block-desc\" style=\"padding-top:0px;padding-right:0px;padding-bottom:0px;padding-left:0px\">La Primera Sesi\u00f3n Ordinaria se realiz\u00f3 en la ciudad de Santiago de Quer\u00e9taro.<\/p>\n\n\n\n<p class=\"ctlb-block-desc\" style=\"padding-top:0px;padding-right:0px;padding-bottom:0px;padding-left:0px\">En la Segunda Sesi\u00f3n Extraordinaria que se llev\u00f3 a cabo de manera virtual se propusieron algunos cambios en los lineamientos de operaci\u00f3n de la Red.<\/p>\n\n\n\n<p class=\"ctlb-block-desc\" style=\"padding-top:0px;padding-right:0px;padding-bottom:0px;padding-left:0px\">La Segunda Sesi\u00f3n Ordinaria, se realiz\u00f3 en la ciudad de Canc\u00fan, Quintana Roo.<\/p>\n\n\n\n<p class=\"ctlb-block-desc\" style=\"padding-top:0px;padding-right:0px;padding-bottom:0px;padding-left:0px\">Grupo Coordinador: Coahuila, Puebla y Quer\u00e9taro.<\/p>\n\n\n\n<div class=\"wp-block-buttons is-layout-flex wp-block-buttons-is-layout-flex\">\n<div class=\"wp-block-button\"><a class=\"wp-block-button__link wp-element-button\" href=\"https:\/\/redmyeval.org.mx\/index.php\/2025-1\/\">Ver m\u00e1s<\/a><\/div>\n<\/div>\n<\/div><\/div><\/div><\/div><\/div><\/div>\n\n\n\n<div class=\"wp-block-cp-timeline-content-timeline-child swiper-slide\"><div class=\"timeline-content icon-false \"><div class=\"timeline-block-timeline ctl-row  position-right\"><div class=\"ctl-6 timeline-block-time\"><div class=\"story-time\"><p>2026<\/p><\/div><\/div><div class=\"timeline-block-icon\"><svg stroke=\"currentColor\" fill=\"currentColor\" stroke-width=\"0\" viewBox=\"0 0 512 512\" height=\"1em\" width=\"1em\" xmlns=\"http:\/\/www.w3.org\/2000\/svg\"><path d=\"M256 8C119 8 8 119 8 256s111 248 248 248 248-111 248-248S393 8 256 8z\"><\/path><\/svg><\/div><div class=\"ctl-6 timeline-block-detail\"><div class=\"story-details\"><div class=\"story-content\">\n<h3 class=\"wp-block-heading ctlb-block-title\" style=\"padding-top:0px;padding-right:0px;padding-bottom:0px;padding-left:0px\">SESIONES 2026<\/h3>\n\n\n\n<p class=\"ctlb-block-desc\" style=\"padding-top:0px;padding-right:0px;padding-bottom:0px;padding-left:0px\">Se realiz\u00f3 virtualmente la Primera y Segunda Sesi\u00f3n Extraordinaria, en donde se eligi\u00f3 el nuevo Grupo Coordinador (Chihuahua, Ciudad de M\u00e9xico y Guanajuato).<\/p>\n\n\n\n<div class=\"wp-block-buttons is-layout-flex wp-block-buttons-is-layout-flex\">\n<div class=\"wp-block-button\"><a class=\"wp-block-button__link wp-element-button\" href=\"https:\/\/redmyeval.org.mx\/index.php\/2026-1\">Ver m\u00e1s<\/a><\/div>\n<\/div>\n<\/div><\/div><\/div><\/div><\/div><\/div>\n<\/div><\/div><\/div><\/div>\n<\/div>\n<\/div>\n\n\n\n<p>&nbsp;<\/p>\n","protected":false},"excerpt":{"rendered":"<p>Sesiones Ordinarias y Extraordinarias Las sesiones presenciales y virtuales generan un espacio de di\u00e1logo abierto, plural e incluyente donde las entidades federativas comparten sus experiencias y retos en la pr\u00e1ctica de monitoreo y evaluaci\u00f3n. &nbsp;<\/p>\n","protected":false},"author":1,"featured_media":0,"parent":0,"menu_order":0,"comment_status":"closed","ping_status":"closed","template":"","meta":{"content-type":"","footnotes":""},"class_list":["post-3983","page","type-page","status-publish","hentry"],"_links":{"self":[{"href":"https:\/\/redmyeval.org.mx\/index.php\/wp-json\/wp\/v2\/pages\/3983","targetHints":{"allow":["GET"]}}],"collection":[{"href":"https:\/\/redmyeval.org.mx\/index.php\/wp-json\/wp\/v2\/pages"}],"about":[{"href":"https:\/\/redmyeval.org.mx\/index.php\/wp-json\/wp\/v2\/types\/page"}],"author":[{"embeddable":true,"href":"https:\/\/redmyeval.org.mx\/index.php\/wp-json\/wp\/v2\/users\/1"}],"replies":[{"embeddable":true,"href":"https:\/\/redmyeval.org.mx\/index.php\/wp-json\/wp\/v2\/comments?post=3983"}],"version-history":[{"count":16,"href":"https:\/\/redmyeval.org.mx\/index.php\/wp-json\/wp\/v2\/pages\/3983\/revisions"}],"predecessor-version":[{"id":4138,"href":"https:\/\/redmyeval.org.mx\/index.php\/wp-json\/wp\/v2\/pages\/3983\/revisions\/4138"}],"wp:attachment":[{"href":"https:\/\/redmyeval.org.mx\/index.php\/wp-json\/wp\/v2\/media?parent=3983"}],"curies":[{"name":"wp","href":"https:\/\/api.w.org\/{rel}","templated":true}]}}